{"id":22857,"date":"2014-04-15T11:43:23","date_gmt":"2014-04-15T11:43:23","guid":{"rendered":"http:\/\/animamacau.org\/\/about-us-2\/"},"modified":"2024-10-14T11:02:49","modified_gmt":"2024-10-14T11:02:49","slug":"about-us","status":"publish","type":"page","link":"https:\/\/www.animamacau.org\/pt-pt\/about-us\/","title":{"rendered":"Sobre N\u00f3s"},"content":{"rendered":"<div class=\"wpb-content-wrapper\">[vc_row row_type=&#8221;row&#8221; text_align=&#8221;left&#8221; css_animation=&#8221;&#8221;][vc_column][vc_separator type=&#8221;normal&#8221; thickness=&#8221;0&#8243;][\/vc_column][\/vc_row][vc_row row_type=&#8221;row&#8221; anchor=&#8221;history&#8221; text_align=&#8221;left&#8221; css_animation=&#8221;&#8221; css=&#8221;.vc_custom_1418684476259{padding-top: 30px !important;}&#8221;][vc_column width=&#8221;1\/3&#8243;][vc_text_separator title=&#8221;A nossa Hist\u00f3ria&#8221; title_align=&#8221;separator_align_left&#8221; border=&#8221;no&#8221; el_class=&#8221;titulo_interior&#8221;][vc_column_text css=&#8221;.vc_custom_1612256060153{padding-top: 10px !important;}&#8221;]A Anima foi fundada a 11 de Dezembro de 2003 por um grupo de 11 fundadores.<\/p>\n<p>A ideia de fundar a Anima surgiu do actual Presidente Honor\u00e1rio Vital\u00edcio,\u00a0<strong>Albano Martins<\/strong>, quando no in\u00edcio de 2003 foi alertado para a falta de legisla\u00e7\u00e3o referente \u00e0 protec\u00e7\u00e3o dos animais em Macau.<\/p>\n<p>O nome \u201cAnima\u201d foi escolhido logo ao princ\u00edpio. A equipa que come\u00e7ou por dar vida \u00e0 Anima era constitu\u00edda pelo actual Presidente Honor\u00e1rio Vital\u00edcio,\u00a0<strong>Albano Martins<\/strong>, assim como por\u00a0<strong>F\u00e1tima Galv\u00e3o\u00a0e Regina Pais<\/strong>, considerados os elementos fundadores. Esta equipa dedicou os seus primeiros esfor\u00e7os \u00e0 elabora\u00e7\u00e3o do Pacto Social da Anima.<\/p>\n<p style=\"text-align: justify\"><a href=\"http:\/\/animamacau.org\/\/pt-pt\/about-us\/history\/\">ler mais<\/a><\/p>\n[\/vc_column_text][\/vc_column][vc_column width=&#8221;2\/3&#8243;][vc_single_image image=&#8221;22863&#8243; img_size=&#8221;full&#8221;][\/vc_column][\/vc_row][vc_row row_type=&#8221;row&#8221; anchor=&#8221;mission&#8221; text_align=&#8221;left&#8221; css_animation=&#8221;&#8221;][vc_column][vc_separator type=&#8221;full_width&#8221; color=&#8221;#ffffff&#8221; up=&#8221;20&#8243; down=&#8221;20&#8243;][vc_text_separator title=&#8221;A nossa Miss\u00e3o&#8221; title_align=&#8221;separator_align_left&#8221; border=&#8221;no&#8221; el_class=&#8221;titulo_interior&#8221;][vc_row_inner row_type=&#8221;row&#8221; text_align=&#8221;left&#8221; css_animation=&#8221;&#8221;][vc_column_inner width=&#8221;1\/3&#8243;][vc_column_text]\n<h5 style=\"text-align: justify\">Vis\u00e3o<\/h5>\n<p>Desenvolver Macau como um exemplo a ser seguido pela sociedade, na consciencializa\u00e7\u00e3o e preven\u00e7\u00e3o da neglig\u00eancia e crueldade para com animais.<\/p>\n<h5 style=\"text-align: justify\">Miss\u00e3o<\/h5>\n<p>Ao realizar campanhas espec\u00edficas e actividades s\u00f3cio-culturais, a ANIMA visa fornecer um tratamento adequado, bem como preservar a dignidade de todas as esp\u00e9cies, para benef\u00edcio da comunidade de Macau.[\/vc_column_text][\/vc_column_inner][vc_column_inner width=&#8221;1\/3&#8243;][vc_column_text]\n<h5 style=\"text-align: justify\">Objectivos<\/h5>\n<p style=\"text-align: justify\"><em><strong>Protec\u00e7\u00e3o &#8211;\u00a0<\/strong><\/em>Proporcionar condi\u00e7\u00f5es adequadas e cuidado veterin\u00e1rio aos animais abandonados e maltratados.<\/p>\n<p><em><strong>Integra\u00e7\u00e3o &#8211;\u00a0<\/strong><\/em>Incentivar o cuidado tempor\u00e1rio ou a adop\u00e7\u00e3o pela comunidade.<\/p>\n<p><em><strong>Civismo &#8211;<\/strong> <\/em>Consciencializar os donos dos animais acerca das suas responsabilidades relativamemte\u00a0\u00e0 preserva\u00e7\u00e3o do meio ambiente e da sa\u00fade p\u00fablica.[\/vc_column_text][\/vc_column_inner][vc_column_inner width=&#8221;1\/3&#8243;][vc_separator type=&#8221;full_width&#8221; color=&#8221;#ffffff&#8221; up=&#8221;20&#8243; down=&#8221;20&#8243;][vc_column_text]<em><strong>Conhecimento<\/strong><\/em> &#8211;\u00a0Fornecer aos donos dos animais conselhos e treino, de forma a ajud\u00e1-los na \u00a0gest\u00e3o e cuidados di\u00e1rios dos seus animais.<\/p>\n<p><strong><em>Solidariedade &#8211;<\/em>\u00a0<\/strong>Sensibilizar a comunidade de forma a criar compaix\u00e3o e boa vontade para combater o sofrimento dos animais atrav\u00e9s de actividades s\u00f3cio-culturais.[\/vc_column_text][\/vc_column_inner][\/vc_row_inner][\/vc_column][\/vc_row][vc_row row_type=&#8221;row&#8221; text_align=&#8221;left&#8221; css_animation=&#8221;&#8221;][vc_column][vc_separator type=&#8221;transparent&#8221; up=&#8221;20&#8243; down=&#8221;20&#8243;][vc_text_separator title=&#8221;Os nossos Estatutos&#8221; title_align=&#8221;separator_align_left&#8221; border=&#8221;no&#8221; el_class=&#8221;titulo_interior&#8221;][\/vc_column][\/vc_row][vc_row row_type=&#8221;row&#8221; anchor=&#8221;charter&#8221; text_align=&#8221;left&#8221; css_animation=&#8221;&#8221;][vc_column width=&#8221;3\/4&#8243;][vc_column_text]A Anima \u00e9 uma associa\u00e7\u00e3o sem fins lucrativos com um dos estatutos mais elevados de Macau, conferido pelo Governo de Macau a 25 de Novembro de 2009. \u00c9 considerada uma Associa\u00e7\u00e3o de Utilidade P\u00fablica Administrativa e por isso beneficia de um tratamento especial por parte do Governo de Macau.<\/p>\n<p>A Associa\u00e7\u00e3o tem por objectivo promover o tratamento adequado, a preven\u00e7\u00e3o e\/ou a supress\u00e3o da crueldade para com os animais, bem como quaisquer outras actividades conducentes ou acess\u00f3rias \u00e0 prossecu\u00e7\u00e3o destes objectivos<\/p>\n<p><a href=\"http:\/\/animamacau.org\/\/pt-pt\/about-us\/our-charter\/\">ler mais<\/a>[\/vc_column_text][\/vc_column][vc_column width=&#8221;1\/4&#8243;][vc_single_image image=&#8221;100249&#8243; img_size=&#8221;full&#8221;][\/vc_column][\/vc_row][vc_row row_type=&#8221;row&#8221; anchor=&#8221;boards&#8221; text_align=&#8221;left&#8221; css_animation=&#8221;&#8221;][vc_column][vc_separator type=&#8221;transparent&#8221; up=&#8221;20&#8243; down=&#8221;20&#8243;][vc_text_separator title=&#8221;Os nossos Corpos Sociais&#8221; title_align=&#8221;separator_align_left&#8221; border=&#8221;no&#8221; el_class=&#8221;titulo_interior&#8221;][vc_separator type=&#8221;transparent&#8221; up=&#8221;20&#8243; down=&#8221;20&#8243;][\/vc_column][\/vc_row][vc_row row_type=&#8221;row&#8221; text_align=&#8221;left&#8221; css_animation=&#8221;&#8221;][vc_column width=&#8221;1\/4&#8243;][vc_single_image image=&#8221;113476&#8243; img_size=&#8221;full&#8221;][vc_column_text]\n<h5>PRESIDENTE HONOR\u00c1RIO VITAL\u00cdCIO<\/h5>\n<h4>Albano Martins<\/h4>\n<p>Distinguido em 2020 pelas suas conquistas hist\u00f3ricas enquanto Presidente da Anima, Albano Martins foi cofundador e Presidente Executivo da Associa\u00e7\u00e3o durante mais de 10 anos. A sua presid\u00eancia conduziu a v\u00e1rios feitos not\u00e1veis, como o &#8216;Pr\u00e9mio de M\u00e9rito&#8217; concedido pelo Chefe do Executivo da RAE de Macau em 2019. Pela sua campanha em defesa do encerramento do Can\u00eddromo de Macau, Albano Martins foi galardoado por excel\u00eancia organizacional e lideran\u00e7a por pares no EUA, It\u00e1lia e Irlanda. O seu papel enquanto ativista pelos direitos dos animais tem sido marcado por ferozes batalhas por arrecada\u00e7\u00e3o de fundos e campanhas ousadas, filiando a Anima a lobbies internacionais. Albano Martins est\u00e1 tamb\u00e9m entre os principais filantropos da associa\u00e7\u00e3o.[\/vc_column_text][\/vc_column][vc_column width=&#8221;1\/4&#8243;][vc_single_image image=&#8221;22861&#8243; img_size=&#8221;full&#8221;][vc_column_text]\n<h5>PRESIDENTE HONOR\u00c1RIO VITAL\u00cdCIO<\/h5>\n<h4>Dr. Ho Hau Wah, Edmond<\/h4>\n<p>Distinguido em 2012 pelo seu forte apoio \u00e0 Anima, Edmond Ho tem ajudado a Associa\u00e7\u00e3o desde o primeiro momento da nossa exist\u00eancia. O seu contributo altru\u00edsta tem sido decisivo em v\u00e1rios campos, desde facilitando o financiamento do novo abrigo, \u00e0 redu\u00e7\u00e3o das taxas de licen\u00e7a dos c\u00e3es. O seu papel foi tamb\u00e9m fundamental aquando da concess\u00e3o do actual terreno, permitindo as instala\u00e7\u00f5es em Coloane para albergar um abrigo para animais. Enquanto Chefe do Executivo da RAE de Macau, Edmond Ho concedeu o reconhecimento especial de Associa\u00e7\u00e3o de Utilidade P\u00fablica Administrativa \u00e0 Anima em Novembro de 2009.[\/vc_column_text][\/vc_column][vc_column width=&#8221;1\/4&#8243;][vc_single_image image=&#8221;22864&#8243; img_size=&#8221;full&#8221;][vc_column_text]\n<h5>PRESIDENTE HONOR\u00c1RIO VITAL\u00cdCIO<\/h5>\n<h4>Steve Wynn<\/h4>\n<p>Distinguido em 2012 pelo forte apoio financeiro \u00e0 Anima e pelo compromisso de ajudar a Associa\u00e7\u00e3o no futuro. Steve Wynn &#8211; individualmente ou atrav\u00e9s da Wynn Resorts (Macau) \u2013 tornou-se o segundo maior doador da Anima, imediatamente a seguir \u00e0 Funda\u00e7\u00e3o Macau. A sua aloca\u00e7\u00e3o de fundos permitiu o crescimento das nossas atividades e tem sido crucial para levar a nossa prote\u00e7\u00e3o a um maior n\u00famero de animais.[\/vc_column_text][\/vc_column][vc_column width=&#8221;1\/4&#8243;][vc_single_image image=&#8221;22862&#8243; img_size=&#8221;full&#8221;][vc_column_text]\n<h5>PRESIDENTE HONOR\u00c1RIA \u00a02010-2015<\/h5>\n<h4>Faye Ho<\/h4>\n<p>Distinguida em 2010 pelo seu forte apoio financeiro \u00e0 Anima, Faye Ho foi a Presidente do Comit\u00ea Executivo da Anima durante v\u00e1rios anos. A sua presen\u00e7a foi fundamental para a exist\u00eancia da Anima, viabilizando as atividades da Associa\u00e7\u00e3o em tempos dif\u00edceis e em momentos de escassez de fundos. Pelo seu importante contributo, Faye Ho foi distinguida como Presidente Honor\u00e1rio pelo per\u00edodo de 2010-2015.[\/vc_column_text][\/vc_column][\/vc_row][vc_row row_type=&#8221;row&#8221; text_align=&#8221;left&#8221; css_animation=&#8221;&#8221;][vc_column][vc_separator type=&#8221;transparent&#8221; up=&#8221;20&#8243; down=&#8221;20&#8243;][vc_text_separator title=&#8221;Assembleia Geral&#8221; title_align=&#8221;separator_align_left&#8221; border=&#8221;no&#8221; el_class=&#8221;titulo_interior&#8221;][\/vc_column][\/vc_row][vc_row row_type=&#8221;row&#8221; text_align=&#8221;left&#8221; css_animation=&#8221;&#8221;][vc_column width=&#8221;1\/3&#8243;][vc_column_text]\n<h5>PRESIDENTE<\/h5>\n<h4>Ms. Ana Soares da Silva<\/h4>\n[\/vc_column_text][\/vc_column][vc_column width=&#8221;1\/3&#8243;][vc_column_text]\n<h5>VICE-PRESIDENTE<\/h5>\n<h4>Mr. Jos\u00e9 Celestino Maneiras<\/h4>\n[\/vc_column_text][\/vc_column][vc_column width=&#8221;1\/3&#8243;][vc_column_text]\n<h5>SECRET\u00c1RIO (A)<\/h5>\n<h4>Ms. Yip King Lai<\/h4>\n[\/vc_column_text][\/vc_column][\/vc_row][vc_row row_type=&#8221;row&#8221; text_align=&#8221;left&#8221; css_animation=&#8221;&#8221;][vc_column][vc_separator type=&#8221;transparent&#8221; up=&#8221;20&#8243; down=&#8221;20&#8243;][vc_text_separator title=&#8221;Dire\u00e7\u00e3o&#8221; title_align=&#8221;separator_align_left&#8221; border=&#8221;no&#8221; el_class=&#8221;titulo_interior&#8221;][\/vc_column][\/vc_row][vc_row row_type=&#8221;row&#8221; text_align=&#8221;left&#8221; css_animation=&#8221;&#8221;][vc_column width=&#8221;1\/3&#8243;][vc_column_text]\n<h5>PRESIDENTE<\/h5>\n<h4>Ms. Tang Tinna<\/h4>\n[\/vc_column_text][vc_separator type=&#8221;transparent&#8221; up=&#8221;10&#8243; down=&#8221;10&#8243;][vc_column_text]\n<h5>VICE-PRESIDENTE<\/h5>\n<h4>Mr. Chan I Pan<\/h4>\n[\/vc_column_text][vc_separator type=&#8221;transparent&#8221; up=&#8221;10&#8243; down=&#8221;10&#8243;][vc_column_text]\n<h5>VICE-PRESIDENTE<\/h5>\n<h4>Mr. Chung Tat Ian<\/h4>\n[\/vc_column_text][\/vc_column][vc_column width=&#8221;1\/3&#8243;][vc_separator type=&#8221;transparent&#8221; up=&#8221;10&#8243; down=&#8221;10&#8243;][vc_column_text]\n<h5>SECRET\u00c1RIO (A)<\/h5>\n<h4>Ms. Tang Sui Ting<\/h4>\n[\/vc_column_text][vc_column_text]\n<h5>TESOUREIRO (A)<\/h5>\n<h4>Ms. Kristiene do Rego Pichlmaier<\/h4>\n[\/vc_column_text][vc_separator type=&#8221;transparent&#8221; color=&#8221;#ffffff&#8221;][vc_column_text]\n<h5>MEMBRO<\/h5>\n<h4>Ms. Ieong Mei Sim<\/h4>\n[\/vc_column_text][vc_separator type=&#8221;transparent&#8221; color=&#8221;#ffffff&#8221;][\/vc_column][vc_column width=&#8221;1\/3&#8243;][vc_column_text]\n<h5>MEMBRO<\/h5>\n<h4>Mr. Roberto Miguel Andrade Silva<\/h4>\n[\/vc_column_text][vc_separator type=&#8221;transparent&#8221; color=&#8221;#ffffff&#8221;][vc_column_text]\n<h5>MEMBRO<\/h5>\n<h4>Ms. Mariana da Silva Almeida de Quintanilha<\/h4>\n[\/vc_column_text][vc_separator type=&#8221;transparent&#8221; color=&#8221;#ffffff&#8221;][vc_column_text]\n<h5>MEMBRO<\/h5>\n<h4>Ms. Mok Pui Yu<\/h4>\n[\/vc_column_text][vc_separator type=&#8221;transparent&#8221; color=&#8221;#ffffff&#8221;][\/vc_column][\/vc_row][vc_row row_type=&#8221;row&#8221; text_align=&#8221;left&#8221; css_animation=&#8221;&#8221;][vc_column width=&#8221;1\/3&#8243;][\/vc_column][vc_column width=&#8221;1\/3&#8243;][\/vc_column][vc_column width=&#8221;1\/3&#8243;][\/vc_column][\/vc_row][vc_row row_type=&#8221;row&#8221; text_align=&#8221;left&#8221; css_animation=&#8221;&#8221;][vc_column][vc_separator type=&#8221;transparent&#8221; up=&#8221;20&#8243; down=&#8221;20&#8243;][vc_text_separator title=&#8221;Gest\u00e3o e Supervis\u00e3o&#8221; title_align=&#8221;separator_align_left&#8221; border=&#8221;no&#8221; el_class=&#8221;titulo_interior&#8221;][\/vc_column][\/vc_row][vc_row row_type=&#8221;row&#8221; text_align=&#8221;left&#8221; css_animation=&#8221;&#8221;][vc_column width=&#8221;1\/3&#8243;][vc_column_text]\n<h5>PRESIDENTE<\/h5>\n<h4>Mr. Ant\u00f3nio F\u00e9lix Pontes<\/h4>\n[\/vc_column_text][\/vc_column][vc_column width=&#8221;1\/3&#8243;][vc_column_text]\n<h5>VICE-PRESIDENTE<\/h5>\n<h4>Mr. Jos\u00e9 Eduardo Isaac Soares Duarte<\/h4>\n[\/vc_column_text][\/vc_column][vc_column width=&#8221;1\/3&#8243;][vc_column_text]\n<h5>MEMBRO<\/h5>\n<h4>Ms. Tam Ka I<\/h4>\n[\/vc_column_text][\/vc_column][\/vc_row][vc_row row_type=&#8221;row&#8221; text_align=&#8221;left&#8221; css_animation=&#8221;&#8221;][vc_column][vc_separator type=&#8221;transparent&#8221; up=&#8221;20&#8243; down=&#8221;20&#8243;][vc_text_separator title=&#8221;Comiss\u00e3o de\u00a0\u00c9tica&#8221; title_align=&#8221;separator_align_left&#8221; border=&#8221;no&#8221; el_class=&#8221;titulo_interior&#8221;][\/vc_column][\/vc_row][vc_row row_type=&#8221;row&#8221; text_align=&#8221;left&#8221; css_animation=&#8221;&#8221;][vc_column width=&#8221;1\/3&#8243;][vc_column_text]\n<h5>MEMBRO<\/h5>\n<h4>Mr. Francisco da Silva Leandro<\/h4>\n[\/vc_column_text][\/vc_column][vc_column width=&#8221;1\/3&#8243;][vc_column_text]\n<h5>MEMBRO<\/h5>\n<h4>Ms. Julia Jerosch Herold<\/h4>\n[\/vc_column_text][\/vc_column][vc_column width=&#8221;1\/3&#8243;][vc_column_text]\n<h5>MEMBRO<\/h5>\n<h4>Ms. Carla da Silva Figueiredo<\/h4>\n[\/vc_column_text][\/vc_column][\/vc_row][vc_row row_type=&#8221;row&#8221; text_align=&#8221;left&#8221; css_animation=&#8221;&#8221;][vc_column][vc_separator type=&#8221;transparent&#8221; up=&#8221;20&#8243; down=&#8221;20&#8243;][\/vc_column][\/vc_row]\n<\/div>","protected":false},"excerpt":{"rendered":"<p>[vc_row row_type=&#8221;row&#8221; text_align=&#8221;left&#8221; css_animation=&#8221;&#8221;][vc_column][vc_separator type=&#8221;normal&#8221; thickness=&#8221;0&#8243;][\/vc_column][\/vc_row][vc_row row_type=&#8221;row&#8221; anchor=&#8221;history&#8221; text_align=&#8221;left&#8221; css_animation=&#8221;&#8221; css=&#8221;.vc_custom_1418684476259{padding-top: 30px !important;}&#8221;][vc_column width=&#8221;1\/3&#8243;][vc_text_separator title=&#8221;A nossa Hist\u00f3ria&#8221; title_align=&#8221;separator_align_left&#8221; border=&#8221;no&#8221; el_class=&#8221;titulo_interior&#8221;][vc_column_text css=&#8221;.vc_custom_1612256060153{padding-top: 10px !important;}&#8221;]A Anima foi fundada a 11 de Dezembro de 2003 por um grupo de 11 fundadores. A ideia de fundar a Anima surgiu do actual Presidente Honor\u00e1rio Vital\u00edcio,\u00a0Albano Martins, quando no in\u00edcio de 2003 foi alertado para a falta de legisla\u00e7\u00e3o referente \u00e0 protec\u00e7\u00e3o dos animais em Macau. O nome \u201cAnima\u201d foi escolhido logo ao princ\u00edpio. A equipa que come\u00e7ou por dar vida \u00e0 Anima era constitu\u00edda pelo actual Presidente Honor\u00e1rio Vital\u00edcio,\u00a0Albano Martins, assim como por\u00a0F\u00e1tima Galv\u00e3o\u00a0e Regina Pais, considerados os elementos fundadores. Esta equipa dedicou os seus primeiros esfor\u00e7os \u00e0 elabora\u00e7\u00e3o do Pacto Social da Anima. ler mais [\/vc_column_text][\/vc_column][vc_column width=&#8221;2\/3&#8243;][vc_single_image image=&#8221;22863&#8243; img_size=&#8221;full&#8221;][\/vc_column][\/vc_row][vc_row row_type=&#8221;row&#8221; anchor=&#8221;mission&#8221; text_align=&#8221;left&#8221; css_animation=&#8221;&#8221;][vc_column][vc_separator type=&#8221;full_width&#8221; color=&#8221;#ffffff&#8221; up=&#8221;20&#8243; down=&#8221;20&#8243;][vc_text_separator title=&#8221;A nossa Miss\u00e3o&#8221; title_align=&#8221;separator_align_left&#8221; border=&#8221;no&#8221; el_class=&#8221;titulo_interior&#8221;][vc_row_inner row_type=&#8221;row&#8221; text_align=&#8221;left&#8221; css_animation=&#8221;&#8221;][vc_column_inner width=&#8221;1\/3&#8243;][vc_column_text] Vis\u00e3o Desenvolver&#8230;<\/p>\n","protected":false},"author":1,"featured_media":0,"parent":0,"menu_order":0,"comment_status":"open","ping_status":"open","template":"","meta":{"_acf_changed":false,"footnotes":""},"class_list":["post-22857","page","type-page","status-publish","hentry"],"acf":[],"_links":{"self":[{"href":"https:\/\/www.animamacau.org\/pt-pt\/wp-json\/wp\/v2\/pages\/22857","targetHints":{"allow":["GET"]}}],"collection":[{"href":"https:\/\/www.animamacau.org\/pt-pt\/wp-json\/wp\/v2\/pages"}],"about":[{"href":"https:\/\/www.animamacau.org\/pt-pt\/wp-json\/wp\/v2\/types\/page"}],"author":[{"embeddable":true,"href":"https:\/\/www.animamacau.org\/pt-pt\/wp-json\/wp\/v2\/users\/1"}],"replies":[{"embeddable":true,"href":"https:\/\/www.animamacau.org\/pt-pt\/wp-json\/wp\/v2\/comments?post=22857"}],"version-history":[{"count":7,"href":"https:\/\/www.animamacau.org\/pt-pt\/wp-json\/wp\/v2\/pages\/22857\/revisions"}],"predecessor-version":[{"id":154621,"href":"https:\/\/www.animamacau.org\/pt-pt\/wp-json\/wp\/v2\/pages\/22857\/revisions\/154621"}],"wp:attachment":[{"href":"https:\/\/www.animamacau.org\/pt-pt\/wp-json\/wp\/v2\/media?parent=22857"}],"curies":[{"name":"wp","href":"https:\/\/api.w.org\/{rel}","templated":true}]}}