{"id":22866,"date":"2014-07-23T16:51:44","date_gmt":"2014-07-23T16:51:44","guid":{"rendered":"http:\/\/animamacau.org\/\/about-us\/history\/"},"modified":"2020-09-01T08:28:52","modified_gmt":"2020-09-01T08:28:52","slug":"history","status":"publish","type":"page","link":"https:\/\/www.animamacau.org\/pt-pt\/about-us\/history\/","title":{"rendered":"Hist\u00f3ria"},"content":{"rendered":"<div class=\"wpb-content-wrapper\">[vc_row row_type=&#8221;row&#8221; text_align=&#8221;left&#8221; css_animation=&#8221;&#8221;][vc_column][vc_column_text]\n<p style=\"text-align: justify\">[\/vc_column_text][\/vc_column][\/vc_row][vc_row row_type=&#8221;row&#8221; text_align=&#8221;left&#8221; css_animation=&#8221;&#8221;][vc_column css=&#8221;.vc_custom_1415302475221{margin-top: 60px !important;margin-bottom: 40px !important;}&#8221;][vc_column_text css=&#8221;.vc_custom_1598947456252{padding-bottom: 20px !important;}&#8221;]A Anima foi fundada a 11 de Dezembro de 2003, por um grupo de 11 fundadores.<\/p>\n<p>A ideia de fundar a Anima surgiu do actual Presidente Honor\u00e1rio Vital\u00edcio, <strong>Albano Martins<\/strong>, quando no in\u00edcio de 2003 foi alertado para a falta de legisla\u00e7\u00e3o referente \u00e0 protec\u00e7\u00e3o dos animais em Macau.<\/p>\n<p>O nome de &#8220;Anima&#8221; foi escolhido logo ao princ\u00edpio. A equipa que come\u00e7ou por dar vida \u00e0 Anima era constitu\u00edda pelo actual Presidente Honor\u00e1rio Vital\u00edcio, <strong>Albano Martins<\/strong>, assim como por\u00a0<strong>F\u00e1tima Galv\u00e3o\u00a0e Regina Pais<\/strong>, considerados os elementos fundadores. Esta equipa dedicou os seus primeiros esfor\u00e7os \u00e0 elabora\u00e7\u00e3o do Pacto Social da Anima.<\/p>\n<p>\u00c0 \u00e9poca, n\u00e3o existiam organiza\u00e7\u00f5es de protec\u00e7\u00e3o de animais. Existiram, no entanto, diversas tentativas por parte de v\u00e1rias pessoas para a cria\u00e7\u00e3o de uma organiza\u00e7\u00e3o que zelasse pelo bem-estar dos animais, mas todas fracassaram por n\u00e3o terem apoio a tempo inteiro de um jurista que lhes redigisse o Pacto Social.<\/p>\n<p>A equipa convidou mais oito amigos para que se tornassem oficialmente elementos fundadores da Organiza\u00e7\u00e3o:\u00a0<strong>Gina Rangel, Guy\u00a0<span id=\"eL_2_texto\"><span class=\"FSG_erroOrtografico\">Lesquoy<\/span><\/span>,\u00a0<span id=\"eL_3_texto\"><span class=\"FSG_erroOrtografico\">Luk<\/span><\/span>\u00a0Pui\u00a0<span id=\"eL_4_texto\"><span class=\"FSG_erroOrtografico\">Ki<\/span><\/span>\u00a0(Paulina),\u00a0<span id=\"eL_5_texto\"><span class=\"FSG_erroOrtografico\">Tamami<\/span><\/span>\u00a0<span id=\"eL_6_texto\"><span class=\"FSG_erroOrtografico\">Ogata<\/span><\/span>, Lai\u00a0<span id=\"eL_7_texto\"><span class=\"FSG_erroOrtografico\">Chou<\/span><\/span>\u00a0Sam, Maria\u00a0<span id=\"eL_8_texto\"><span class=\"FSG_erroOrtografico\">Ant\u00f3nia<\/span><\/span>\u00a0Espadinha, Ant\u00f3nio Lopes e Margarida Saraiva<\/strong>, todos\u00a0<span id=\"eL_9_texto\"><span class=\"FSG_erroSintatico\">eles<\/span><\/span>\u00a0membros dos primeiros corpos sociais da Anima.<\/p>\n<p>Ap\u00f3s a cria\u00e7\u00e3o da Anima, a direc\u00e7\u00e3o decidiu estender a categoria de elemento fundador aos primeiros 50 indiv\u00edduos ou institui\u00e7\u00f5es que foram, por eles, convidados. Profissionais de relevo, empreendedores e organizadores\u00a0<span id=\"eL_10_texto\"><span class=\"FSG_erroSintatico\">prontificaram<\/span><\/span>\u00a0juntar-se \u00e0\u00a0causa da Anima. Dos primeiros 21 membros da direc\u00e7\u00e3o da Anima, eleitos em Fevereiro de 2004, nove eram Chineses, nove Portugueses, um Franc\u00eas, um Australiano e um Ingl\u00eas.<\/p>\n<p>Os primeiros meses da Anima foram dedicados \u00e0\u00a0sua organiza\u00e7\u00e3o interna. Em 2004, a Anima iniciou as suas actividades com uma confer\u00eancia de imprensa no\u00a0<span id=\"eL_13_texto\"><span class=\"FSG_erroOrtografico\">World<\/span><\/span>\u00a0<span id=\"eL_14_texto\"><span class=\"FSG_erroOrtografico\">Trade<\/span><\/span>\u00a0<span id=\"eL_15_texto\"><span class=\"FSG_erroOrtografico\">Center<\/span><\/span>.<\/p>\n<p><em><strong>Anima significa Vida, uma criatura viva que respira ou sopro de vida. O substantivo &#8220;animal&#8221; deriva da palavra latina de ANIMA.<\/strong><\/em><\/p>\n<p>O objectivo da Anima\u00a0referido no artigo terceiro do seu Pacto Social, consiste no tratamento adequado, preven\u00e7\u00e3o e\/ou repress\u00e3o da crueldade para com os animais.<\/p>\n<p>Para prossecu\u00e7\u00e3o dos seus fins a Anima promover\u00e1 todas as ac\u00e7\u00f5es e actividades que contribuam para fomentar a cria\u00e7\u00e3o e divulga\u00e7\u00e3o dos meios legais de protec\u00e7\u00e3o e assist\u00eancia aos animais, bem como a divulga\u00e7\u00e3o dos ideais desta Associa\u00e7\u00e3o atrav\u00e9s dos meios que forem considerados mais\u00a0<span id=\"eL_2_texto\"><span class=\"FSG_erroSintatico\">convenientes.<\/span><\/span><\/p>\n<p>Para tal, a Anima procura:<\/p>\n<ol>\n<li>Ser membro das organiza\u00e7\u00f5es SPCA (<em>Societies for the Prevention of Cruelty on Animals<\/em> &#8211; Sociedades para a Preven\u00e7\u00e3o da Crueldade para com os Animais)<\/li>\n<li>Incentivar e ajudar as Autoridades a elaborar leis relacionadas com o bem-estar dos animais, bem como a sua correspondente regulamenta\u00e7\u00e3o;<\/li>\n<li>Cooperar em todas e quaisquer actividades que visem a protec\u00e7\u00e3o dos animais, sejam elas organizadas por entidades similares ou por organiza\u00e7\u00f5es p\u00fablicas ou privadas;<\/li>\n<li>Esfor\u00e7ar-se pela elabora\u00e7\u00e3o de leis que ajudem, protejam e\u00a0d\u00eaem assist\u00eancia aos animais;<\/li>\n<li>Promover ou participar em semin\u00e1rios, col\u00f3quios e confer\u00eancias, bem como realizar ou colaborar em outras iniciativas consideradas adequadas para os objectivos mencionados.<\/li>\n<\/ol>\n<p>Desde o\u00a0in\u00edcio, as receitas da Anima eram constitu\u00eddas pelas quotas dos s\u00f3cios (MOP 30 e MOP 10 por m\u00eas para adultos e jovens), as vendas de merchandising, donativos (de\u00a0 indivi\u00adduos e organiza\u00e7\u00f5es) e caixas de donativos. Mais tarde, o Governo de Macau , atrav\u00e9s da Funda\u00e7\u00e3o Macau e alguns dos grandes casinos vieram prestar apoio \u00e0 Anima.<\/p>\n<p>Um agradecimento muito especial a quatro pessoas que t\u00eam apoiado fortemente a Anima: o ex-Chefe do Executivo de Macau, <strong>Dr. Edmund Ho<\/strong>, pelo seu incentivo desde o in\u00ed\u00adcio, pela facilita\u00e7\u00e3o das primeiras contribui\u00e7\u00f5es financeiras para a constru\u00e7\u00e3o do nosso abrigo e pelo terreno que tamb\u00e9m foi concedido durante a sua administra\u00e7\u00e3o;\u00a0<strong>Steve Wynn e sua esposa Andrea Wynn<\/strong>, que se juntaram \u00e0 nossa causa quando a Anima estava a passar por enormes dificuldades financeiras; e <strong>Faye Ho<\/strong>, neta de Stanley Ho, que foi Presidente da Comiss\u00e3o Executiva durante v\u00e1rios anos dando um apoio crucial \u00e0 Anima atrav\u00e9s dos seus pr\u00f3prios fundos.<\/p>\n<p>Tanto Edmund Ho como Steve Wynn honraram-nos ao aceitarem a nossa distin\u00e7\u00e3o m\u00e1xima tornando-se Presidentes\u00a0Honor\u00e1rios Vitali\u00adcios em Junho de 2012. Faye Ho aceitou a posi\u00e7\u00e3o de Presidente Honor\u00e1ria pelo per\u00ed\u00adodo de 2010-2015, conferida na Assembleia Geral da Anima de 2010.<\/p>\n<p><strong>Wynn Resorts (Macau), Sands China e Galaxy Entertainment Group<\/strong> tamb\u00e9m se juntaram \u00e0 nossa lista de Doadores de M\u00e9rito em 2011. No final de 2013, <strong>Rational Live Events (Macau)<\/strong> tornou-se no sexto maior doador da Anima.<\/p>\n<p>Alguns dos problemas que a Anima enfrenta actualmente s\u00e3o semelhantes \u00e0queles que enfrentava no in\u00edcio da sua constitui\u00e7\u00e3o. Em Macau, como em qualquer parte do Mundo, existem pessoas que s\u00e3o respons\u00e1veis e que t\u00eam plena consci\u00eancia de que ter um animal \u00e9 um compromisso para toda a vida, como tamb\u00e9m existem pessoas que tratam os animais como meros objectos descartav\u00e9is. E por existirem pessoas assim, existe ainda uma grande necessidade de educ\u00e1-las sobre quest\u00f5es relacionadas com a protec\u00e7\u00e3o dos animais, principalmente no que diz respeito \u00e0 crueldade para com eles.<\/p>\n<p>Uma das estrat\u00e9gias da Anima para combater a crueldade animal \u00e9 o refo\u00e7o da educa\u00e7\u00e3o dos mais novos, ajudando-os a tornarem-se cidad\u00e3os mais respons\u00e1veis. Este esfor\u00e7o deve tamb\u00e9m ser estendido a outros sectores de Macau.<\/p>\n<p>A Anima defende o principio de N\u00e3o-Matar e o principio de N\u00e3o-Enjaular. A eutan\u00e1sia s\u00f3 \u00e9 aceite nos casos em que o animal esteja em sofrimento e onde n\u00e3o exista nenhuma outra alternativa para reduzir e\/ou eliminar a sua dor.[\/vc_column_text][vc_row_inner row_type=&#8221;row&#8221; text_align=&#8221;left&#8221; css_animation=&#8221;&#8221;][vc_column_inner width=&#8221;1\/2&#8243; css=&#8221;.vc_custom_1418247261551{padding-bottom: 20px !important;}&#8221;][vc_column_text]A primeira localiza\u00e7\u00e3o do abrigo da Anima foi no lote tr\u00eas da zona &#8220;A&#8221; do Projecto da Nam Van, sendo posteriormente mudada para a Vila de Hac Sa, em Coloane, e da\u00ed\u00ad para o Altinho de K\u00e1-H\u00f3 (Coloane) em 2005, ap\u00f3s a constru\u00e7\u00e3o de um abrigo tempor\u00e1rio. Actualmente o abrigo tempor\u00e1rio continua ainda a existir e alberga a maior parte dos c\u00e3es da Anima.<\/p>\n<p>Nos primeiros tr\u00eas meses de exist\u00eancia da Anima, existiam cerca de 10 c\u00e3es e cinco gatos. Hoje, temos cerca de 400 c\u00e3es e 300 gatos a aguardar por uma nova oportunidade de serem inseridos num ambiente familiar.<\/p>\n<p>Em 2004, a Anima enviou um relat\u00f3rio de nove p\u00e1ginas ao Governo com propostas (imediatas, de curto e m\u00e9dio prazos) para alterar as actuais pol\u00ed\u00adticas e regulamentos, de forma a elevar Macau ao mesmo n\u00ed\u00advel dos pa\u00edses ou territ\u00f3rios vizinhos (como Hong Kong e Singapura), no que diz respeito ao bem-estar dos animais.[\/vc_column_text][\/vc_column_inner][vc_column_inner width=&#8221;1\/2&#8243;][vc_single_image image=&#8221;22863&#8243; img_size=&#8221;full&#8221;][\/vc_column_inner][\/vc_row_inner][vc_column_text]Mais tarde, em 2012, a Anima enviou uma proposta adicional de um &#8220;regulamento administrativo&#8221; ao Governo, tendo em considera\u00e7\u00e3o que a aprova\u00e7\u00e3o de uma lei relativa \u00e0 protec\u00e7\u00e3o dos animais levaria muito tempo, visto que, infelizmente, quer a Assembleia Legislativa de Macau quer o pr\u00f3prio Governo n\u00e3o tinham disponibilidade de agenda para com os animais.<\/p>\n<p>A Anima pediu ao IACM para se juntar \u00e0 sua causa de modo a consciencializar as pessoas para os direitos dos animais, bem como, para a implementa\u00e7\u00e3o de leis e regulamentos que facilmente poderiam ser aplicados em Macau. A Anima fez uma s\u00e9rie de propostas de pol\u00edticas que poderiam ser incorporadas nas leis e nos regulamentos do IACM, em relat\u00f3rio enviado em 2004.<\/p>\n<p>Desde esse ano aguardamos a implementa\u00e7\u00e3o de tais leis que poderiam colocar um fim ao sofrimento dos animais em Macau.<\/p>\n<p>A\u00a0Anima esteve fortemente empenhada no fecho do Can\u00eddromo, onde eram mortos cerca de 30 galgos (jovens e saud\u00e1veis) por m\u00eas por j\u00e1 n\u00e3o serem considerados competitivos.<\/p>\n<p><strong>A 25 de Novembro de 2009 foi concedido \u00e0 Anima o estatuto de Associa\u00e7\u00e3o de Utilidade P\u00fablica Administrativa pelo Presidente Executivo da RAE de Macau (China).<\/strong><\/p>\n<p><strong>J\u00e1 a 21 de Novembro de 2019 seria concedido o Pr\u00e9mio de M\u00e9rito pelo Presidente Executivo da RAE de Macau (China).<\/strong>[\/vc_column_text][\/vc_column][\/vc_row][vc_row row_type=&#8221;row&#8221; text_align=&#8221;left&#8221; css_animation=&#8221;&#8221;][vc_column][vc_column_text]\n[\/vc_column_text][\/vc_column][\/vc_row]\n<\/div>","protected":false},"excerpt":{"rendered":"<p>[vc_row row_type=&#8221;row&#8221; text_align=&#8221;left&#8221; css_animation=&#8221;&#8221;][vc_column][vc_column_text] [\/vc_column_text][\/vc_column][\/vc_row][vc_row row_type=&#8221;row&#8221; text_align=&#8221;left&#8221; css_animation=&#8221;&#8221;][vc_column css=&#8221;.vc_custom_1415302475221{margin-top: 60px !important;margin-bottom: 40px !important;}&#8221;][vc_column_text css=&#8221;.vc_custom_1598947456252{padding-bottom: 20px !important;}&#8221;]A Anima foi fundada a 11 de Dezembro de 2003, por um grupo de 11 fundadores. A ideia de fundar a Anima surgiu do actual Presidente Honor\u00e1rio Vital\u00edcio, Albano Martins, quando no in\u00edcio de 2003 foi alertado para a falta de legisla\u00e7\u00e3o referente \u00e0 protec\u00e7\u00e3o dos animais em Macau. O nome de &#8220;Anima&#8221; foi escolhido logo ao princ\u00edpio. A equipa que come\u00e7ou por dar vida \u00e0 Anima era constitu\u00edda pelo actual Presidente Honor\u00e1rio Vital\u00edcio, Albano Martins, assim como por\u00a0F\u00e1tima Galv\u00e3o\u00a0e Regina Pais, considerados os elementos fundadores. Esta equipa dedicou os seus primeiros esfor\u00e7os \u00e0 elabora\u00e7\u00e3o do Pacto Social da Anima. \u00c0 \u00e9poca, n\u00e3o existiam organiza\u00e7\u00f5es de protec\u00e7\u00e3o de animais. Existiram, no entanto, diversas tentativas por parte de v\u00e1rias pessoas para a cria\u00e7\u00e3o de uma organiza\u00e7\u00e3o que zelasse pelo bem-estar dos&#8230;<\/p>\n","protected":false},"author":1,"featured_media":0,"parent":22857,"menu_order":0,"comment_status":"open","ping_status":"open","template":"","meta":{"_acf_changed":false,"footnotes":""},"class_list":["post-22866","page","type-page","status-publish","hentry"],"acf":[],"_links":{"self":[{"href":"https:\/\/www.animamacau.org\/pt-pt\/wp-json\/wp\/v2\/pages\/22866","targetHints":{"allow":["GET"]}}],"collection":[{"href":"https:\/\/www.animamacau.org\/pt-pt\/wp-json\/wp\/v2\/pages"}],"about":[{"href":"https:\/\/www.animamacau.org\/pt-pt\/wp-json\/wp\/v2\/types\/page"}],"author":[{"embeddable":true,"href":"https:\/\/www.animamacau.org\/pt-pt\/wp-json\/wp\/v2\/users\/1"}],"replies":[{"embeddable":true,"href":"https:\/\/www.animamacau.org\/pt-pt\/wp-json\/wp\/v2\/comments?post=22866"}],"version-history":[{"count":16,"href":"https:\/\/www.animamacau.org\/pt-pt\/wp-json\/wp\/v2\/pages\/22866\/revisions"}],"predecessor-version":[{"id":106417,"href":"https:\/\/www.animamacau.org\/pt-pt\/wp-json\/wp\/v2\/pages\/22866\/revisions\/106417"}],"up":[{"embeddable":true,"href":"https:\/\/www.animamacau.org\/pt-pt\/wp-json\/wp\/v2\/pages\/22857"}],"wp:attachment":[{"href":"https:\/\/www.animamacau.org\/pt-pt\/wp-json\/wp\/v2\/media?parent=22866"}],"curies":[{"name":"wp","href":"https:\/\/api.w.org\/{rel}","templated":true}]}}